{"id":2918,"date":"2017-11-07T09:34:01","date_gmt":"2017-11-07T09:34:01","guid":{"rendered":"http:\/\/www.cordobaflamenco.org\/en\/?page_id=2918"},"modified":"2024-03-05T08:04:19","modified_gmt":"2024-03-05T08:04:19","slug":"tablao-flemish-el-cardenal","status":"publish","type":"page","link":"https:\/\/www.cordobaflamenco.org\/en\/tablao-flemish-el-cardenal\/","title":{"rendered":"Tablao Flemish El Cardenal"},"content":{"rendered":"<div class=\"zn_pb_wrapper clearfix zn_sortable_content ui-sortable\" data-droplevel=\"0\">\n<div class=\"zn_pb_el_container zn_pb_section zn_element_znsection\" data-form-uid=\"eluidb14cf9a3\" data-el-name=\"Section options\" data-uid=\"eluid028d3fe2\" data-level=\"1\" data-object=\"ZnSection\">\n<section class=\"zn_section eluid028d3fe2 \">\n<div class=\"zn_section_size container\">\n<div class=\"row zn_columns_container zn_content ui-sortable\" data-droplevel=\"1\">\n<div class=\"zn_pb_el_container zn_pb_section col-md-12 col-sm-12 zn_element_zncolumn\" data-form-uid=\"eluidd38baad9\" data-el-name=\"Column options\" data-uid=\"eluid51845867\" data-level=\"2\" data-object=\"ZnColumn\">\n<div class=\"eluid51845867 zn_edit_mode zn_edit_mode zn_edit_mode zn_sortable_content zn_content ui-sortable\" data-droplevel=\"2\">\n<div class=\"zn_pb_el_container zn_pb_section zn_element_th_titleelement\" data-form-uid=\"eluida875df32\" data-el-name=\"Title Element options\" data-uid=\"eluid9969a7e5\" data-level=\"3\" data-object=\"TH_TitleElement\">\n<div class=\"kl-title-block clearfix tbk--text-default tbk--center text-center tbk-symbol-- tbk-icon-pos--after-title eluid9969a7e5 \">\n<h3 class=\"tbk__title \">TABLAO FLAMENCO EL CARDENAL<\/h3>\n<h4 class=\"tbk__subtitle\">INFORMACI\u00d3N DEL ESPECT\u00c1CULO<\/h4>\n<\/div>\n<\/div>\n<div class=\"zn_pb_el_container zn_pb_section zn_element_th_titleelement\" data-form-uid=\"eluid3c8b6ddc\" data-el-name=\"Title Element options\" data-uid=\"eluid5c6403bd\" data-level=\"3\" data-object=\"TH_TitleElement\">\n<div class=\"kl-title-block clearfix tbk--text-default tbk--center text-center tbk-symbol-- tbk-icon-pos--after-title eluid5c6403bd \">\n<div class=\"tbk__text\">\n<p>Tablao El Cardenal ofrece un espect\u00e1culo flamenco autentico compuesto por un cuadro de nueve artistas, que realiza una viaje a trav\u00e9s de los diferentes y caracter\u00edsticos palos del m\u00e1s puro Arte Flamenco donde nos ense\u00f1an una peque\u00f1a muestra de fandangos, sole\u00e1s, buler\u00edas, alegr\u00edas, entre otros, con una puesta en escena llena de pasi\u00f3n y colorido.<\/p>\n<p>Tablao El Cardenal es un tablao flamenco que despliega puro Arte Jondo y donde se han curtido artistas de primera categor\u00eda nacional, en el cante, la guitarra y el baile flamenco.<\/p>\n<\/div>\n<\/div>\n<\/div>\n<\/div>\n<\/div>\n<\/div>\n<\/div>\n<\/section>\n<\/div>\n<div class=\"zn_pb_el_container zn_pb_section zn_element_znsection\" data-form-uid=\"eluid07b2a7be\" data-el-name=\"Section options\" data-uid=\"eluidcef8a266\" data-level=\"1\" data-object=\"ZnSection\">\n<section class=\"zn_section eluidcef8a266 \">\n<div class=\"zn_section_size container\">\n<div class=\"row zn_columns_container zn_content ui-sortable\" data-droplevel=\"1\">\n<div class=\"zn_pb_el_container zn_pb_section col-md-12 col-sm-12 zn_element_zncolumn\" data-form-uid=\"eluid3f0c0d6e\" data-el-name=\"Column options\" data-uid=\"eluid6722db7b\" data-level=\"2\" data-object=\"ZnColumn\">\n<div class=\"eluid6722db7b zn_edit_mode zn_edit_mode zn_edit_mode zn_sortable_content zn_content ui-sortable\" data-droplevel=\"2\">\n<div class=\"zn_pb_el_container zn_pb_section zn_element_th_screenshotsbox\" data-form-uid=\"eluideb653169\" data-el-name=\"Screenshots Box options\" data-uid=\"eluide203fb65\" data-level=\"3\" data-object=\"TH_ScreenshotsBox\">\n<div class=\"screenshot-box kl-style-2 fixclear\">\n<div class=\"row\">\n<div class=\"col-sm-12 col-md-6\">\n<div class=\"left-side\">\n<h3 class=\"title\"><span class=\"fw-thin\">Informaci\u00f3n del <span class=\"fw-semibold\">Espect\u00e1culo<\/span><\/span><\/h3>\n<ul class=\"features\">\n<li>\n<div class=\"views-field views-field-field-address grid-6 alpha\"><strong><span class=\"views-label views-label-field-address\">Ubicaci\u00f3n:\u00a0<\/span><\/strong><\/div>\n<div class=\"views-field views-field-field-address grid-6 alpha\"><span class=\"thoroughfare\">Calle Buen Pastor<\/span>\u00a0<span class=\"premise\">2<\/span>,\u00a0<span class=\"locality\">C\u00f3rdoba<\/span><\/div>\n<\/li>\n<li>\n<div class=\"views-field views-field-field-address grid-6 alpha\"><strong>Duraci\u00f3n<\/strong>:<\/div>\n<div class=\"views-field views-field-field-address grid-6 alpha\">1.5 horas<\/div>\n<\/li>\n<li>\n<div class=\"views-field views-field-field-address grid-6 alpha\"><span class=\"views-label views-label-field-size-people\"><strong>Aforo<\/strong>:\u00a0<\/span><\/div>\n<div class=\"views-field views-field-field-address grid-6 alpha\">100 personas<\/div>\n<\/li>\n<li>\n<div class=\"views-field views-field-field-address grid-6 alpha\"><span class=\"views-label views-label-field-venue-dinning\"><strong>Cena<\/strong>:\u00a0<\/span><\/div>\n<div class=\"views-field views-field-field-address grid-6 alpha\">No<\/div>\n<\/li>\n<li>\n<div class=\"views-field views-field-field-address grid-6 alpha\"><span class=\"views-label views-label-field-show-no-performers\"><strong>Artistas<\/strong>:\u00a0<\/span><\/div>\n<div class=\"views-field views-field-field-address grid-6 alpha\">7<\/div>\n<\/li>\n<li>\n<div class=\"views-field views-field-field-address grid-6 alpha\"><strong>Espect\u00e1culos\/noche:<\/strong><\/div>\n<ul>\n<li>De Lunes a Jueves\n<ul>\n<li>1 (20:15)<\/li>\n<\/ul>\n<\/li>\n<li>Viernes y Sabado\n<ul>\n<li>1 (21:00)<\/li>\n<\/ul>\n<\/li>\n<\/ul>\n<\/li>\n<\/ul>\n<p>RESERVAR AHORA<\/p>\n<\/div>\n<\/div>\n<div class=\"col-sm-12 col-md-6\">\n<div class=\"thescreenshot\">\n<div class=\"caroufredsel_wrapper\">\n<p><img data-recalc-dims=\"1\" loading=\"lazy\" decoding=\"async\" src=\"https:\/\/i0.wp.com\/www.flamencogranada.org\/wp-content\/uploads\/2015\/10\/venta-el-gallo31-580x380_c.jpg?resize=580%2C380&#038;ssl=1\" alt=\"\" width=\"580\" height=\"380\" \/><\/p>\n<\/div>\n<div class=\"th-56bc6c9ea7866\"><\/div>\n<\/div>\n<\/div>\n<\/div>\n<\/div>\n<\/div>\n<\/div>\n<\/div>\n<\/div>\n<\/div>\n<\/section>\n<\/div>\n<div class=\"zn_pb_el_container zn_pb_section zn_element_znsection\" data-form-uid=\"eluid48ee616d\" data-el-name=\"Section options\" data-uid=\"eluidff8c72da\" data-level=\"1\" data-object=\"ZnSection\">\n<div class=\"zn_el_options_bar zn_pb_animate\"><\/div>\n<section class=\"zn_section zn_section--masked zn_section--relative eluidff8c72da \">\n<div class=\"kl-bg-source\"><\/div>\n<div class=\"zn_section_size container\">\n<div class=\"row zn_columns_container zn_content ui-sortable\" data-droplevel=\"1\">\n<div class=\"zn_pb_el_container zn_pb_section col-md-4 col-sm-4 zn_element_zncolumn\" data-form-uid=\"eluid88b9633d\" data-el-name=\"Column options\" data-uid=\"eluidc4eb1629\" data-level=\"2\" data-object=\"ZnColumn\">\n<div class=\"zn_el_options_bar zn_pb_animate\"><\/div>\n<div class=\"eluidc4eb1629 zn_edit_mode zn_edit_mode zn_edit_mode zn_sortable_content zn_content ui-sortable\" data-droplevel=\"2\">\n<div class=\"zn_pb_el_container zn_pb_section zn_element_th_spacerelement\" data-form-uid=\"eluiddb8bd211\" data-el-name=\"Spacer Element options\" data-uid=\"eluid56fb60ae\" data-level=\"3\" data-object=\"TH_SpacerElement\"><\/div>\n<div class=\"zn_pb_el_container zn_pb_section zn_element_th_spacerelement\" data-form-uid=\"eluid9f1766d2\" data-el-name=\"Spacer Element options\" data-uid=\"eluid7b49d011\" data-level=\"3\" data-object=\"TH_SpacerElement\"><\/div>\n<div class=\"zn_pb_el_container zn_pb_section zn_element_th_iconbox\" data-form-uid=\"eluid0f76d21f\" data-el-name=\"Icon Box options\" data-uid=\"eluid2ad56c88\" data-level=\"3\" data-object=\"TH_IconBox\">\n<div class=\"zn_el_options_bar zn_pb_animate\"><\/div>\n<div class=\"kl-iconbox eluid2ad56c88 eluid2ad56c88 kl-iconbox--type-icon kl-iconbox--fleft kl-iconbox--align-left text-left kl-iconbox--theme-default \" data-stageid=\"eluiddcac528b\" data-pointx=\"77\" data-pointy=\" 45\" data-pointtitle=\"Espect\u00e1culo + Bebida\">\n<div class=\"kl-iconbox__inner\">\n<div class=\"kl-iconbox__icon-wrapper \"><\/div>\n<div class=\"kl-iconbox__content-wrapper\">\n<div class=\"kl-iconbox__el-wrapper kl-iconbox__title-wrapper\">\n<h3 class=\"kl-iconbox__title\">ESPECT\u00c1CULO + BEBIDA<\/h3>\n<\/div>\n<div class=\" kl-iconbox__el-wrapper kl-iconbox__desc-wrapper\">\n<p class=\"kl-iconbox__desc\">23 Euros<\/p>\n<\/div>\n<\/div>\n<\/div>\n<\/div>\n<\/div>\n<div class=\"zn_pb_el_container zn_pb_section zn_element_th_iconbox\" data-form-uid=\"eluidc4148c70\" data-el-name=\"Icon Box options\" data-uid=\"eluidfcacbbd1\" data-level=\"3\" data-object=\"TH_IconBox\"><\/div>\n<div class=\"zn_pb_el_container zn_pb_section zn_element_th_buttons\" data-form-uid=\"eluid16b92f0c\" data-el-name=\"Buttons options\" data-uid=\"eluid9395c24a\" data-level=\"3\" data-object=\"TH_Buttons\">\n<div class=\"zn_el_options_bar zn_pb_animate\"><\/div>\n<div class=\"zn_buttons_element eluid9395c24a text-left\">RESERVA TU ESPECT\u00c1CULO<\/div>\n<\/div>\n<div class=\"zn_pb_el_container zn_pb_section zn_element_th_spacerelement\" data-form-uid=\"eluid2774039b\" data-el-name=\"Spacer Element options\" data-uid=\"eluid98c1d7e4\" data-level=\"3\" data-object=\"TH_SpacerElement\"><\/div>\n<\/div>\n<\/div>\n<div class=\"zn_pb_el_container zn_pb_section col-md-4 col-sm-4 zn_element_zncolumn\" data-form-uid=\"eluidf4dd5fcd\" data-el-name=\"Column options\" data-uid=\"eluidf30b6df1\" data-level=\"2\" data-object=\"ZnColumn\">\n<div class=\"zn_el_options_bar zn_pb_animate\"><\/div>\n<div class=\"eluidf30b6df1 zn_edit_mode zn_edit_mode zn_edit_mode zn_sortable_content zn_content ui-sortable\" data-droplevel=\"2\">\n<div class=\"zn_pb_el_container zn_pb_section zn_element_th_stageimagebox\" data-form-uid=\"eluidddc2cc75\" data-el-name=\"Stage Image Box options\" data-uid=\"eluid6ad8f690\" data-level=\"3\" data-object=\"TH_StageImageBox\">\n<div class=\"zn_el_options_bar zn_pb_animate\"><\/div>\n<div class=\"stage-ibx eluid6ad8f690\">\n<div class=\"stage-ibx__stage\"><img data-recalc-dims=\"1\" decoding=\"async\" class=\"stage-ibx__stage-img img-responsive\" src=\"https:\/\/i0.wp.com\/www.flamencogranada.org\/wp-content\/uploads\/2015\/10\/flamenco-dagg1gncer.png?w=1170&#038;ssl=1\" alt=\"\" \/><\/div>\n<div class=\"clearfix\"><\/div>\n<\/div>\n<\/div>\n<\/div>\n<\/div>\n<div class=\"zn_pb_el_container zn_pb_section col-md-4 col-sm-4 zn_element_zncolumn\" data-form-uid=\"eluid527e3c4e\" data-el-name=\"Column options\" data-uid=\"eluid64c9839a\" data-level=\"2\" data-object=\"ZnColumn\"><\/div>\n<\/div>\n<\/div>\n<\/section>\n<\/div>\n<div class=\"zn_pb_el_container zn_pb_section zn_element_znsection\" data-form-uid=\"eluid9240cd2f\" data-el-name=\"Section options\" data-uid=\"eluid75024d74\" data-level=\"1\" data-object=\"ZnSection\">\n<section class=\"zn_section eluid75024d74 \">\n<div class=\"zn_section_size container\">\n<div class=\"row zn_columns_container zn_content ui-sortable\" data-droplevel=\"1\">\n<div class=\"zn_pb_el_container zn_pb_section col-md-6 col-sm-6 zn_element_zncolumn\" data-form-uid=\"eluid8ee3fee1\" data-el-name=\"Column options\" data-uid=\"eluidf3357a6f\" data-level=\"2\" data-object=\"ZnColumn\">\n<div class=\"eluidf3357a6f zn_edit_mode zn_edit_mode zn_edit_mode zn_sortable_content zn_content ui-sortable\" data-droplevel=\"2\">\n<div class=\"zn_pb_el_container zn_pb_section zn_element_th_textbox\" data-form-uid=\"eluid113ed547\" data-el-name=\"Text Box options\" data-uid=\"eluidf79e329f\" data-level=\"3\" data-object=\"TH_TextBox\">\n<div class=\"zn_text_box eluidf79e329f\">\n<h3 class=\"zn_text_box-title zn_text_box-title--style1\">DISFRUTA EL ARTE Y EL SABOR DE CORDOBA<\/h3>\n<p id=\"u21719-4\">El Tablao &#8220;El Cardenal&#8221; cuenta con una larga tradici\u00f3n de mas de 25 a\u00f1os de experiencia y es obligado punto de referencia en el flamenco cordob\u00e9s<\/p>\n<p id=\"u21719-6\">Por su impecable trayectoria ha recibido el Premio al mejor producto tur\u00edstico en el 2008, que otorga el Patronato de Turismo de C\u00f3rdoba.<\/p>\n<\/div>\n<p>El plantel art\u00edstico cuenta entre otros con los siguientes premios:<\/p>\n<p>Antonio Alc\u00e1zar y Victoria Palacios<\/p>\n<ul>\n<li>Premio Nacional de Flamenco en Danza<\/li>\n<li>Premio de Televisi\u00f3n Espa\u00f1ola<\/li>\n<li>Premio de la Junta de Andaluc\u00eda a J\u00f3venes Flamencos<\/li>\n<li>Premio Internacional de Nimes<\/li>\n<\/ul>\n<p>Alberto Lucena<\/p>\n<ul>\n<li>Premio Nacional de Guitarra Flamenca<\/li>\n<\/ul>\n<p>Ballet de Antonio Alc\u00e1zar y Victoria Palacios<\/p>\n<ul>\n<li>Premio La Perla de C\u00e1diz<\/li>\n<\/ul>\n<div class=\"zn_text_box eluidf79e329f\"><\/div>\n<\/div>\n<div class=\"zn_pb_el_container zn_pb_section zn_element_th_stageimagebox\" data-form-uid=\"eluid106e0d92\" data-el-name=\"Stage Image Box options\" data-uid=\"eluidc6b757d7\" data-level=\"3\" data-object=\"TH_StageImageBox\">\n<div class=\"zn_el_options_bar zn_pb_animate\"><\/div>\n<div class=\"stage-ibx eluidc6b757d7\">\n<div class=\"stage-ibx__stage\"><img data-recalc-dims=\"1\" decoding=\"async\" class=\"stage-ibx__stage-img img-responsive\" src=\"https:\/\/i0.wp.com\/www.flamencogranada.org\/wp-content\/uploads\/2015\/10\/flamenco.png?w=1170&#038;ssl=1\" alt=\"\" \/><\/div>\n<div class=\"clearfix\"><\/div>\n<\/div>\n<\/div>\n<div class=\"zn_pb_el_container zn_pb_section zn_element_th_textbox\" data-form-uid=\"eluidd7c76032\" data-el-name=\"Text Box options\" data-uid=\"eluid4df9d8f4\" data-level=\"3\" data-object=\"TH_TextBox\">\n<div class=\"zn_el_options_bar zn_pb_animate\"><\/div>\n<div class=\"zn_text_box eluid4df9d8f4\">\n<h3 class=\"zn_text_box-title zn_text_box-title--style1\">Informaci\u00f3n adicional:<\/h3>\n<p><strong>Acceso discapacitados<\/strong>: Local: accesible; Ba\u00f1os: no accesible<br \/>\n<strong>Transporte P\u00fablico<\/strong>: Autob\u00fas: 12,14<br \/>\n<strong>Coordenadas GPS<\/strong>: 37.881405, -4.781921<br \/>\n<strong>No fumador<\/strong>:<strong>\u00a0<\/strong>Prohibido fumar en todo el establecimiento<\/p>\n<\/div>\n<\/div>\n<div class=\"zn_pb_el_container zn_pb_section zn_element_th_spacerelement\" data-form-uid=\"eluidfa7d99bc\" data-el-name=\"Spacer Element options\" data-uid=\"eluid54cbe5d8\" data-level=\"3\" data-object=\"TH_SpacerElement\"><\/div>\n<div class=\"zn_pb_el_container zn_pb_section zn_element_th_buttons\" data-form-uid=\"eluidd5c61bbf\" data-el-name=\"Buttons options\" data-uid=\"eluiddd897778\" data-level=\"3\" data-object=\"TH_Buttons\">\n<div class=\"zn_el_options_bar zn_pb_animate\"><\/div>\n<div class=\"zn_buttons_element eluiddd897778 text-center\">RESERVAR FLAMENCO<\/div>\n<div><\/div>\n<\/div>\n<\/div>\n<\/div>\n<div class=\"zn_pb_el_container zn_pb_section col-md-6 col-sm-6 zn_element_zncolumn\" data-form-uid=\"eluid0c42d624\" data-el-name=\"Column options\" data-uid=\"eluid8a2d3109\" data-level=\"2\" data-object=\"ZnColumn\">\n<div class=\"eluid8a2d3109 zn_edit_mode zn_edit_mode zn_edit_mode zn_sortable_content zn_content ui-sortable\" data-droplevel=\"2\">\n<div class=\"zn_pb_el_container zn_pb_section zn_element_znseparator\" data-form-uid=\"eluid882be96b\" data-el-name=\"Separator options\" data-uid=\"eluid3be35f49\" data-level=\"3\" data-object=\"ZnSeparator\">\n<p><iframe loading=\"lazy\" style=\"border: 0;\" src=\"https:\/\/www.google.com\/maps\/embed?pb=!1m18!1m12!1m3!1d3149.0974475428543!2d-4.784120148867674!3d37.881403713690666!2m3!1f0!2f0!3f0!3m2!1i1024!2i768!4f13.1!3m3!1m2!1s0xd6d209d7efc6673%3A0x33153c819fa018cb!2sCalle+Buen+Pastor%2C+2%2C+14003+C%C3%B3rdoba!5e0!3m2!1ses!2ses!4v1508410318780\" width=\"600\" height=\"450\" frameborder=\"0\" allowfullscreen=\"allowfullscreen\"><\/iframe><\/p>\n<section class=\"zn_section eluid6d9481d2 \">\n<div class=\"zn_section_size container\"><\/div>\n<\/section>\n<\/div>\n<div class=\"zn_pb_el_container zn_pb_section zn_element_znsection\" data-form-uid=\"eluid67435cfc\" data-el-name=\"Section options\" data-uid=\"eluiddb5ee9e4\" data-level=\"1\" data-object=\"ZnSection\">\n<section class=\"zn_section eluiddb5ee9e4 \">\n<div class=\"zn_section_size container\">\n<div class=\"row zn_columns_container zn_content ui-sortable\" data-droplevel=\"1\">\n<div class=\"zn_pb_el_container zn_pb_section col-md-3 col-sm-3 zn_element_zncolumn\" data-form-uid=\"eluid4ae2cd3a\" data-el-name=\"Column options\" data-uid=\"eluid46c6c0ee\" data-level=\"2\" data-object=\"ZnColumn\">\n<div class=\"eluid46c6c0ee zn_edit_mode zn_edit_mode zn_edit_mode zn_sortable_content zn_content ui-sortable\" data-droplevel=\"2\">\n<div class=\"zn_pb_el_container zn_pb_section zn_element_th_buttons\" data-form-uid=\"eluid039372ec\" data-el-name=\"Buttons options\" data-uid=\"eluidca1c94ae\" data-level=\"3\" data-object=\"TH_Buttons\">\n<div class=\"zn_buttons_element eluidca1c94ae text-left\">COMPRAR AHORA<\/div>\n<\/div>\n<\/div>\n<\/div>\n<\/div>\n<\/div>\n<\/section>\n<\/div>\n<\/div>\n<footer id=\"footer\">\n<div class=\"container\">\n<div class=\"row\">\n<div class=\"col-sm-4\">\n<div id=\"text_contact-1\" class=\"widget widget_text_contact\">\n<h3 class=\"widgettitle title m_title\">Contacto<\/h3>\n<\/div>\n<\/div>\n<\/div>\n<\/div>\n<\/footer>\n<\/div>\n<\/div>\n<\/div>\n<\/section>\n<\/div>\n<\/div>\n","protected":false},"excerpt":{"rendered":"<p>TABLAO FLAMENCO EL CARDENAL INFORMACI\u00d3N DEL ESPECT\u00c1CULO Tablao El Cardenal ofrece un espect\u00e1culo flamenco autentico compuesto por un cuadro de nueve artistas, que realiza una viaje a trav\u00e9s de los diferentes y caracter\u00edsticos palos del m\u00e1s puro Arte Flamenco donde nos ense\u00f1an una peque\u00f1a muestra de fandangos, sole\u00e1s, buler\u00edas, alegr\u00edas, entre otros, con una puesta<\/p>\n","protected":false},"author":4,"featured_media":0,"parent":0,"menu_order":0,"comment_status":"closed","ping_status":"closed","template":"","meta":{"jetpack_post_was_ever_published":false,"_joinchat":[],"footnotes":""},"class_list":["post-2918","page","type-page","status-publish","hentry"],"jetpack_sharing_enabled":true,"jetpack_shortlink":"https:\/\/wp.me\/P8l4PK-L4","jetpack-related-posts":[],"_links":{"self":[{"href":"https:\/\/www.cordobaflamenco.org\/en\/wp-json\/wp\/v2\/pages\/2918","targetHints":{"allow":["GET"]}}],"collection":[{"href":"https:\/\/www.cordobaflamenco.org\/en\/wp-json\/wp\/v2\/pages"}],"about":[{"href":"https:\/\/www.cordobaflamenco.org\/en\/wp-json\/wp\/v2\/types\/page"}],"author":[{"embeddable":true,"href":"https:\/\/www.cordobaflamenco.org\/en\/wp-json\/wp\/v2\/users\/4"}],"replies":[{"embeddable":true,"href":"https:\/\/www.cordobaflamenco.org\/en\/wp-json\/wp\/v2\/comments?post=2918"}],"version-history":[{"count":5,"href":"https:\/\/www.cordobaflamenco.org\/en\/wp-json\/wp\/v2\/pages\/2918\/revisions"}],"predecessor-version":[{"id":4364,"href":"https:\/\/www.cordobaflamenco.org\/en\/wp-json\/wp\/v2\/pages\/2918\/revisions\/4364"}],"wp:attachment":[{"href":"https:\/\/www.cordobaflamenco.org\/en\/wp-json\/wp\/v2\/media?parent=2918"}],"curies":[{"name":"wp","href":"https:\/\/api.w.org\/{rel}","templated":true}]}}