{"id":2913,"date":"2015-08-12T13:19:56","date_gmt":"2015-08-12T13:19:56","guid":{"rendered":"http:\/\/www.cordobaflamenco.org\/en\/espectaculos-de-flamenco\/"},"modified":"2024-11-22T12:08:22","modified_gmt":"2024-11-22T12:08:22","slug":"espectaculos-de-flamenco","status":"publish","type":"page","link":"https:\/\/www.cordobaflamenco.org\/en\/espectaculos-de-flamenco\/","title":{"rendered":"Espect\u00e1culos de flamenco"},"content":{"rendered":"<div class=\"zn_pb_el_container zn_pb_section zn_element_th_staticcontentshowroomcarousel znpb-animated bounceIn\" data-form-uid=\"eluid0f674383\" data-el-name=\"STATIC CONTENT - Showroom Carousel options\" data-uid=\"eluid491e239e\" data-level=\"1\" data-object=\"TH_StaticContentShowroomCarousel\">\n<div class=\"kl-slideshow static-content__slideshow sc--showroom-carousel uh_neutral_color eluid491e239e maskcontainer--mask3 \">\n<div class=\"kl-slideshow-inner static-content__wrapper static-content--fullscreen \">\n<div class=\"static-content__inner container\">\n<div class=\"kl-slideshow-safepadding sc__container \">\n<div class=\"static-content sc--showroomcrs-style\">\n<div class=\"sc__textcontent\">\n<h2><strong>FLAMENCO<br \/>\nCORDOBA<\/strong><\/h2>\n<h3>Espect\u00e1culos de Flamenco<\/h3>\n<p>Los\u00a0espect\u00e1culos de flamenco est\u00e1n compuestos del cante, el toque y el baile, se desarroll\u00f3 en Andaluc\u00eda y est\u00e1 influido por la mezcla de varias culturas: la \u00e1rabe, la jud\u00eda y la cristiana.<\/p>\n<\/div>\n<div class=\"sc__actionarea clearfix\"><a class=\"btn sc__secbtn btn-lined\" href=\"https:\/\/www.flamencogranada.org\/contact-us\/\" target=\"_self\">CONTACTO<\/a><\/div>\n<div class=\"sc__shcar-wrapper\">\n<div class=\"shcar__pagination\"><\/div>\n<div class=\"caroufredsel_wrapper\">\n<div class=\"sc__showroom-carousel cfs--default\" data-speed=\"5000\" data-pag=\"1\">\n<div class=\"sc__shcar-item cfs--item\">\n<p><a class=\"shc__item-link\" href=\"https:\/\/www.flamencogranada.org\/venta-del-gallo\/\" data-lightbox=\"image\"><img data-recalc-dims=\"1\" loading=\"lazy\" decoding=\"async\" class=\"img-responsive alignnone\" src=\"https:\/\/i0.wp.com\/www.flamencogranada.org\/wp-content\/uploads\/2015\/10\/venta-el-gallo31-280x190_c.jpg?resize=280%2C190&#038;ssl=1\" width=\"280\" height=\"190\" \/><\/a><\/p>\n<h4 class=\"shc__item-title\"><a href=\"https:\/\/www.flamencogranada.org\/venta-del-gallo\/\">VENTA DEL GALLO<\/a><\/h4>\n<\/div>\n<div class=\"sc__shcar-item cfs--item\">\n<p><a class=\"shc__item-link\" href=\"https:\/\/www.flamencogranada.org\/el-templo-del-flamenco\/\" data-lightbox=\"image\"><img data-recalc-dims=\"1\" loading=\"lazy\" decoding=\"async\" class=\"img-responsive alignnone\" src=\"https:\/\/i0.wp.com\/www.flamencogranada.org\/wp-content\/uploads\/2015\/10\/templo-del-flamenco22-280x190_c.jpg?resize=280%2C190&#038;ssl=1\" width=\"280\" height=\"190\" \/><\/a><\/p>\n<h4 class=\"shc__item-title\"><a href=\"https:\/\/www.flamencogranada.org\/el-templo-del-flamenco\/\">EL TEMPLO DEL FLAMENCO<\/a><\/h4>\n<\/div>\n<div class=\"sc__shcar-item cfs--item\"><\/div>\n<div class=\"sc__shcar-item cfs--item\">\n<h4 class=\"shc__item-title\">\u00a0DESCUBRE EL FLAMENCO<\/h4>\n<\/div>\n<\/div>\n<\/div>\n<\/div>\n<\/div>\n<\/div>\n<\/div>\n<\/div>\n<\/div>\n<\/div>\n<div class=\"zn_pb_el_container zn_pb_section zn_element_znsection\" data-form-uid=\"eluid69bf257b\" data-el-name=\"Section options\" data-uid=\"eluid4df59e97\" data-level=\"1\" data-object=\"ZnSection\">\n<section class=\"zn_section eluid4df59e97 \">\n<div class=\"zn_section_size container\">\n<div class=\"row zn_columns_container zn_content ui-sortable\" data-droplevel=\"1\">\n<div class=\"zn_pb_el_container zn_pb_section col-md-12 col-sm-12 zn_element_zncolumn\" data-form-uid=\"eluid8916ad8b\" data-el-name=\"Column options\" data-uid=\"eluid727208dc\" data-level=\"2\" data-object=\"ZnColumn\">\n<div class=\"eluid727208dc zn_edit_mode zn_edit_mode zn_edit_mode zn_sortable_content zn_content ui-sortable\" data-droplevel=\"2\">\n<div class=\"zn_pb_el_container zn_pb_section zn_element_th_titleelement znpb-animated bounceIn\" data-form-uid=\"eluid64fad128\" data-el-name=\"Title Element options\" data-uid=\"eluid0049a503\" data-level=\"3\" data-object=\"TH_TitleElement\">\n<div class=\"kl-title-block clearfix tbk--text-default tbk--left text-left tbk-symbol--line tbk-icon-pos--after-title eluid0049a503 \">\n<h4 class=\"tbk__subtitle\">El espectador vibrar\u00e1 con la esencia de la cultura espa\u00f1ola que es el Flamenco.<\/h4>\n<\/div>\n<\/div>\n<\/div>\n<\/div>\n<div class=\"zn_pb_el_container zn_pb_section col-md-4 col-sm-4 zn_element_zncolumn\" data-form-uid=\"eluid8230c761\" data-el-name=\"Column options\" data-uid=\"eluid656bef6e\" data-level=\"2\" data-object=\"ZnColumn\">\n<div class=\"eluid656bef6e zn_edit_mode zn_edit_mode zn_edit_mode zn_sortable_content zn_content ui-sortable\" data-droplevel=\"2\">\n<div class=\"zn_pb_el_container zn_pb_section zn_element_th_titleelement\" data-form-uid=\"eluid4d567fda\" data-el-name=\"Title Element options\" data-uid=\"eluid80f68b07\" data-level=\"3\" data-object=\"TH_TitleElement\">\n<div class=\"kl-title-block clearfix tbk--text-default tbk--left text-left tbk-symbol--line tbk-icon-pos--after-title eluid80f68b07 \">\n<h3 class=\"tbk__title \">El flamenco est\u00e1 compuesto del cante, el toque y el baile&#8230;<\/h3>\n<\/div>\n<\/div>\n<\/div>\n<\/div>\n<div class=\"zn_pb_el_container zn_pb_section col-md-4 col-sm-4 zn_element_zncolumn\" data-form-uid=\"eluid7622e589\" data-el-name=\"Column options\" data-uid=\"eluide38a9a34\" data-level=\"2\" data-object=\"ZnColumn\">\n<section class=\"zn_section eluid4df59e97 \">\n<div class=\"zn_section_size container\">\n<div class=\"row zn_columns_container zn_content \" data-droplevel=\"1\">\n<div class=\"eluide38a9a34 col-md-4 col-sm-4 zn_sortable_content zn_content\" data-droplevel=\"2\">\n<div class=\"zn_text_box eluid513ff3d3\">\n<p>La zambra, palabra que viene del \u00e1rabe, era la forma de festejar el rito prenupcial entre los gitanos &#8220;grana\u00ednos&#8221; y estuvo prohibida durante un tiempo. Sol\u00edan durar toda la noche.<\/p>\n<p>Los\u00a0espect\u00e1culos de flamenco est\u00e1n compuesto del cante, el toque y el baile, se desarroll\u00f3 en Andaluc\u00eda y est\u00e1 influido por la mezcla de varias culturas: la \u00e1rabe, la jud\u00eda y la cristiana.<\/p>\n<\/div>\n<\/div>\n<div class=\"eluidf069b264 col-md-4 col-sm-4 zn_sortable_content zn_content\" data-droplevel=\"2\">\n<div class=\"box image-boxes imgboxes_style4 kl-title_style_center\">\n<div class=\"imgboxes-wrapper\"><img data-recalc-dims=\"1\" decoding=\"async\" class=\"img-responsive imgbox_image\" title=\"\" src=\"https:\/\/i0.wp.com\/www.flamencogranada.org\/wp-content\/uploads\/2015\/10\/flamenco.png?w=1170&#038;ssl=1\" alt=\"\"   \/><\/div>\n<\/div>\n<\/div>\n<\/div>\n<\/div>\n<\/section>\n<section class=\"zn_section eluid664802c8 \">\n<div class=\"zn_section_size container\">\n<div class=\"row zn_columns_container zn_content \" data-droplevel=\"1\">\n<div class=\"eluid6ee2ca26 col-md-12 col-sm-12 zn_sortable_content zn_content\" data-droplevel=\"2\">\n<div class=\"zn_text_box eluide93c4ebf\">\n<p>El baile flamenco es una forma de expresar los sentimientos y las pasiones humanas a trav\u00e9s de movimientos\u00a0que surgen\u00a0de las danzas que contiene esta m\u00fasica.\u00a0 Su t\u00e9cnica es compleja y la interpretaci\u00f3n es diferente, seg\u00fan la creatividad del artista que lo ejecute, si es un hombre lo bailar\u00e1\u00a0con\u00a0gran fuerza, recurriendo sobre todo a los pies; y si es una mujer lo ejecutar\u00e1 con movimientos m\u00e1s sensuales.<\/p>\n<p>El toque de la guitarra flamenca ha\u00a0 sido la disciplina que m\u00e1s ha evolucionado en el tiempo de existencia del flamenco, su primitiva funci\u00f3n era de acompa\u00f1amiento del baile y del cante. \u00c9ste se acompa\u00f1a tambi\u00e9n con otros instrumentos como las casta\u00f1uelas, y tambi\u00e9n con palmas y tacones.<\/p>\n<p>No deje pasar la oportunidad de ver los espect\u00e1culos de flamenco que le ofrecemos en nuestra web, donde podr\u00e1 disfrutar de las tres partes bien diferenciadas del flamenco.<\/p>\n<\/div>\n<\/div>\n<\/div>\n<\/div>\n<\/section>\n<\/div>\n<\/div>\n<\/div>\n<\/section>\n<\/div>\n","protected":false},"excerpt":{"rendered":"<p>FLAMENCO CORDOBA Espect\u00e1culos de Flamenco Los\u00a0espect\u00e1culos de flamenco est\u00e1n compuestos del cante, el toque y el baile, se desarroll\u00f3 en Andaluc\u00eda y est\u00e1 influido por la mezcla de varias culturas: la \u00e1rabe, la jud\u00eda y la cristiana. CONTACTO VENTA DEL GALLO EL TEMPLO DEL FLAMENCO \u00a0DESCUBRE EL FLAMENCO El espectador vibrar\u00e1 con la esencia de<\/p>\n","protected":false},"author":1,"featured_media":0,"parent":0,"menu_order":0,"comment_status":"open","ping_status":"open","template":"","meta":{"jetpack_post_was_ever_published":false,"_joinchat":[],"footnotes":""},"class_list":["post-2913","page","type-page","status-publish","hentry"],"jetpack_sharing_enabled":true,"jetpack_shortlink":"https:\/\/wp.me\/P8l4PK-KZ","jetpack-related-posts":[],"_links":{"self":[{"href":"https:\/\/www.cordobaflamenco.org\/en\/wp-json\/wp\/v2\/pages\/2913","targetHints":{"allow":["GET"]}}],"collection":[{"href":"https:\/\/www.cordobaflamenco.org\/en\/wp-json\/wp\/v2\/pages"}],"about":[{"href":"https:\/\/www.cordobaflamenco.org\/en\/wp-json\/wp\/v2\/types\/page"}],"author":[{"embeddable":true,"href":"https:\/\/www.cordobaflamenco.org\/en\/wp-json\/wp\/v2\/users\/1"}],"replies":[{"embeddable":true,"href":"https:\/\/www.cordobaflamenco.org\/en\/wp-json\/wp\/v2\/comments?post=2913"}],"version-history":[{"count":5,"href":"https:\/\/www.cordobaflamenco.org\/en\/wp-json\/wp\/v2\/pages\/2913\/revisions"}],"predecessor-version":[{"id":4368,"href":"https:\/\/www.cordobaflamenco.org\/en\/wp-json\/wp\/v2\/pages\/2913\/revisions\/4368"}],"wp:attachment":[{"href":"https:\/\/www.cordobaflamenco.org\/en\/wp-json\/wp\/v2\/media?parent=2913"}],"curies":[{"name":"wp","href":"https:\/\/api.w.org\/{rel}","templated":true}]}}